{"id":1823,"date":"2025-12-12T17:43:57","date_gmt":"2025-12-12T16:43:57","guid":{"rendered":"https:\/\/www.turisrialp.cat\/web\/avis-legal\/"},"modified":"2025-12-12T17:43:57","modified_gmt":"2025-12-12T16:43:57","slug":"avis-legal","status":"publish","type":"page","link":"https:\/\/www.turisrialp.cat\/web\/es\/avis-legal\/","title":{"rendered":"Av\u00eds legal"},"content":{"rendered":"<style>.kb-row-layout-id164_f5a2cd-74 > .kt-row-column-wrap{align-content:start;}:where(.kb-row-layout-id164_f5a2cd-74 > .kt-row-column-wrap) > .wp-block-kadence-column{justify-content:start;}.kb-row-layout-id164_f5a2cd-74 > .kt-row-column-wrap{column-gap:var(--global-kb-gap-md, 2rem);row-gap:var(--global-kb-gap-md, 2rem);max-width:900px;margin-left:auto;margin-right:auto;padding-top:var(--global-kb-spacing-xl, 4rem);padding-bottom:var(--global-kb-spacing-xl, 4rem);grid-template-columns:minmax(0, 1fr);}.kb-row-layout-id164_f5a2cd-74 > .kt-row-layout-overlay{opacity:0.30;}@media all and (max-width: 1024px){.kb-row-layout-id164_f5a2cd-74 > .kt-row-column-wrap{grid-template-columns:minmax(0, 1fr);}}@media all and (max-width: 767px){.kb-row-layout-id164_f5a2cd-74 > .kt-row-column-wrap{grid-template-columns:minmax(0, 1fr);}}<\/style><div class=\"kb-row-layout-wrap kb-row-layout-id164_f5a2cd-74 alignfull wp-block-kadence-rowlayout\"><div class=\"kt-row-column-wrap kt-has-1-columns kt-row-layout-equal kt-tab-layout-inherit kt-mobile-layout-row kt-row-valign-top\">\n<style>.kadence-column164_0f20f5-38 > .kt-inside-inner-col,.kadence-column164_0f20f5-38 > .kt-inside-inner-col:before{border-top-left-radius:0px;border-top-right-radius:0px;border-bottom-right-radius:0px;border-bottom-left-radius:0px;}.kadence-column164_0f20f5-38 > .kt-inside-inner-col{column-gap:var(--global-kb-gap-sm, 1rem);}.kadence-column164_0f20f5-38 > .kt-inside-inner-col{flex-direction:column;}.kadence-column164_0f20f5-38 > .kt-inside-inner-col > .aligncenter{width:100%;}.kadence-column164_0f20f5-38 > .kt-inside-inner-col:before{opacity:0.3;}.kadence-column164_0f20f5-38{position:relative;}@media all and (max-width: 1024px){.kadence-column164_0f20f5-38 > .kt-inside-inner-col{flex-direction:column;justify-content:center;}}@media all and (max-width: 767px){.kadence-column164_0f20f5-38 > .kt-inside-inner-col{flex-direction:column;justify-content:center;}}<\/style>\n<div class=\"wp-block-kadence-column kadence-column164_0f20f5-38\"><div class=\"kt-inside-inner-col\">\n<p><a><\/a> <strong>AV\u00cdS LEGAL<\/strong><\/p>\n\n\n\n<p><strong>Responsabilitat legal<\/strong><\/p>\n\n\n\n<p>L\u2019Ajuntament de Rialp, amb CIF P2522600B i domicili a la pla\u00e7a del Tornall, 1 , 25594, de Rialp (Lleida) i dades de contacte del delegat de protecci\u00f3 de dades: <a href=\"mailto:secretaria@rialp.cat\">secretaria@rialp.cat<\/a> informa que no pot assumir cap responsabilitat derivada de l\u2019\u00fas incorrecte, inapropiat o il\u00b7l\u00edcit de la informaci\u00f3 apareguda a la p\u00e0gina d\u2019Internet: https:\/\/www.turisrialp.cat<\/p>\n\n\n\n<p>Amb els termes establerts en el Reglament (UE) 2016\/679 de 27 d\u2019abril de 2016 relatiu a la protecci\u00f3 de les persones f\u00edsiques en el que respecte al tractament de dades personals i a la lliure circulaci\u00f3 d\u2019aquestes dades, i a la Llei Org\u00e0nica 3\/2018 de 5 de desembre, de Protecci\u00f3 de Dades Personals i garantia dels drets digitals, l\u2019Ajuntament no assumeix cap responsabilitat derivada de la falta de veracitat, integritat, actualitzaci\u00f3 i precisi\u00f3 de les dades o informacions que es continguin a les seves p\u00e0gines d\u2019Internet.<\/p>\n\n\n\n<p>La p\u00e0gina d\u2019Internet de l\u2019Ajuntament pot contenir enlla\u00e7os a altres p\u00e0gines de terceres parts que l\u2019Ajuntament no pot controlar. Per tant, l\u2019Ajuntament no pot assumir responsabilitats pel contingut que pugui apar\u00e8ixer a les p\u00e0gines de tercers.<\/p>\n\n\n\n<p><strong>Propietat intel\u00b7lectual.<\/strong><\/p>\n\n\n\n<p>Els texts, imatges, sons, animacions, programari (software) i la resta de continguts inclosos en aques<em>t <\/em>lloc webs\u00f3n propietat exclusiva de l\u2019organisme o els seus llicenciataris. Qualsevol acte de transmissi\u00f3, distribuci\u00f3, cessi\u00f3, reproducci\u00f3, emmagatzematge o comunicaci\u00f3 p\u00fablica total o parcial, ha de comptar amb el consentiment expr\u00e9s de l\u2019Ajuntament.<\/p>\n\n\n\n<p><strong>Dades personals<\/strong><\/p>\n\n\n\n<p>Tanmateix, per accedir a alguns dels serveis que l\u2019Ajuntament ofereix a trav\u00e9s d\u2019aquest lloc web, haureu de proporcionar algunes <strong>dades de car\u00e0cter personal<\/strong>.<\/p>\n\n\n\n<p>En compliment de l\u2019establert a les lleis mencionades anteriorment, us informem que:<\/p>\n\n\n\n<ul class=\"wp-block-list\">\n<li>Mitjan\u00e7ant el compliment dels presents formularis, les vostres dades personals quedaran incorporades i seran tractades als fitxers de l\u2019Ajuntament amb la <strong>finalitat <\/strong>de poder-vos prestar i oferir els nostres serveis aix\u00ed com per informar-vos de les millores del lloc web. En utilitzar els serveis d\u2019aquesta web autoritzeu a tractar les vostres dades amb les finalitats per les quals varen ser recopilades. Podeu consultar aquesta finalitat al Registre d\u2019Activitats de Tractament a la p\u00e0gina web de l\u2019ajuntament on es recull cadascuna de les activitats de tractament que es duen a terme per l\u2019Ajuntament i la base de legitimaci\u00f3 d\u2019acord amb l\u2019article 6.1 del RGPD de cadascuna.<\/li>\n<\/ul>\n\n\n\n<ul class=\"wp-block-list\">\n<li>Les dades personals obtingudes en aquest web, es <strong>conservaran<\/strong> durant el temps necessari per complir amb la finalitat per les que es van recopilar i durant el per\u00edode de conservaci\u00f3 que resulta d\u2019obligat compliment per l\u2019Ajuntament.<\/li>\n\n\n\n<li>L\u2019Ajuntament de Rialp no cedir\u00e0 a tercers les vostres dades personals exceptuant que existeixi una obligaci\u00f3 legal. En cap cas se cediran a pa\u00efsos de fora la Uni\u00f3 Europea.<\/li>\n\n\n\n<li>Aix\u00ed mateix, us informem de la possibilitat de poder exercir<strong> els vostres drets<\/strong> d\u2019acc\u00e9s, rectificaci\u00f3, cancel\u00b7laci\u00f3, oposici\u00f3, supressi\u00f3, limitaci\u00f3 del tractament, portabilitat de les dades, de manera gratu\u00efta mitjan\u00e7ant el contacte amb el Responsable de tractament, les dades del qual es troben a l\u2019inici d\u2019aquest document.<\/li>\n\n\n\n<li>Tamb\u00e9 teniu dret a presentar una reclamaci\u00f3 davant l\u2019Autoritat Catalana de Protecci\u00f3 de Dades.<\/li>\n<\/ul>\n<\/div><\/div>\n\n<\/div><\/div>","protected":false},"excerpt":{"rendered":"<p>AV\u00cdS LEGAL Responsabilitat legal L\u2019Ajuntament de Rialp, amb CIF P2522600B i domicili a la pla\u00e7a del Tornall, 1 , 25594, de Rialp (Lleida) i dades de contacte del delegat de protecci\u00f3 de dades: secretaria@rialp.cat informa que no pot assumir cap responsabilitat derivada de l\u2019\u00fas incorrecte, inapropiat o il\u00b7l\u00edcit de la informaci\u00f3 apareguda a la p\u00e0gina&#8230;<\/p>\n","protected":false},"author":1,"featured_media":0,"parent":0,"menu_order":0,"comment_status":"closed","ping_status":"closed","template":"","meta":{"_acf_changed":false,"_kad_blocks_custom_css":"","_kad_blocks_head_custom_js":"","_kad_blocks_body_custom_js":"","_kad_blocks_footer_custom_js":"","_kad_post_transparent":"","_kad_post_title":"","_kad_post_layout":"","_kad_post_sidebar_id":"","_kad_post_content_style":"","_kad_post_vertical_padding":"","_kad_post_feature":"","_kad_post_feature_position":"","_kad_post_header":false,"_kad_post_footer":false,"_kad_post_classname":"","footnotes":""},"class_list":["post-1823","page","type-page","status-publish","hentry"],"acf":[],"yoast_head":"<!-- This site is optimized with the Yoast SEO plugin v27.5 - https:\/\/yoast.com\/product\/yoast-seo-wordpress\/ -->\n<title>Av\u00eds legal - Rialp Turisme<\/title>\n<meta name=\"robots\" content=\"index, follow, max-snippet:-1, max-image-preview:large, max-video-preview:-1\" \/>\n<link rel=\"canonical\" href=\"https:\/\/www.turisrialp.cat\/web\/es\/avis-legal\/\" \/>\n<meta property=\"og:locale\" content=\"es_ES\" \/>\n<meta property=\"og:type\" content=\"article\" \/>\n<meta property=\"og:title\" content=\"Av\u00eds legal - Rialp Turisme\" \/>\n<meta property=\"og:description\" content=\"AV\u00cdS LEGAL Responsabilitat legal L\u2019Ajuntament de Rialp, amb CIF P2522600B i domicili a la pla\u00e7a del Tornall, 1 , 25594, de Rialp (Lleida) i dades de contacte del delegat de protecci\u00f3 de dades: secretaria@rialp.cat informa que no pot assumir cap responsabilitat derivada de l\u2019\u00fas incorrecte, inapropiat o il\u00b7l\u00edcit de la informaci\u00f3 apareguda a la p\u00e0gina...\" \/>\n<meta property=\"og:url\" content=\"https:\/\/www.turisrialp.cat\/web\/es\/avis-legal\/\" \/>\n<meta property=\"og:site_name\" content=\"Rialp Turisme\" \/>\n<meta name=\"twitter:card\" content=\"summary_large_image\" \/>\n<meta name=\"twitter:label1\" content=\"Tiempo de lectura\" \/>\n\t<meta name=\"twitter:data1\" content=\"3 minutos\" \/>\n<script type=\"application\/ld+json\" class=\"yoast-schema-graph\">{\"@context\":\"https:\\\/\\\/schema.org\",\"@graph\":[{\"@type\":\"WebPage\",\"@id\":\"https:\\\/\\\/www.turisrialp.cat\\\/web\\\/es\\\/avis-legal\\\/\",\"url\":\"https:\\\/\\\/www.turisrialp.cat\\\/web\\\/es\\\/avis-legal\\\/\",\"name\":\"Av\u00eds legal - Rialp Turisme\",\"isPartOf\":{\"@id\":\"https:\\\/\\\/www.turisrialp.cat\\\/web\\\/es\\\/#website\"},\"datePublished\":\"2025-12-12T16:43:57+00:00\",\"breadcrumb\":{\"@id\":\"https:\\\/\\\/www.turisrialp.cat\\\/web\\\/es\\\/avis-legal\\\/#breadcrumb\"},\"inLanguage\":\"es\",\"potentialAction\":[{\"@type\":\"ReadAction\",\"target\":[\"https:\\\/\\\/www.turisrialp.cat\\\/web\\\/es\\\/avis-legal\\\/\"]}]},{\"@type\":\"BreadcrumbList\",\"@id\":\"https:\\\/\\\/www.turisrialp.cat\\\/web\\\/es\\\/avis-legal\\\/#breadcrumb\",\"itemListElement\":[{\"@type\":\"ListItem\",\"position\":1,\"name\":\"Inici\",\"item\":\"https:\\\/\\\/www.turisrialp.cat\\\/web\\\/es\\\/\"},{\"@type\":\"ListItem\",\"position\":2,\"name\":\"Av\u00eds legal\"}]},{\"@type\":\"WebSite\",\"@id\":\"https:\\\/\\\/www.turisrialp.cat\\\/web\\\/es\\\/#website\",\"url\":\"https:\\\/\\\/www.turisrialp.cat\\\/web\\\/es\\\/\",\"name\":\"Rialp Turisme\",\"description\":\"\",\"publisher\":{\"@id\":\"https:\\\/\\\/www.turisrialp.cat\\\/web\\\/es\\\/#organization\"},\"potentialAction\":[{\"@type\":\"SearchAction\",\"target\":{\"@type\":\"EntryPoint\",\"urlTemplate\":\"https:\\\/\\\/www.turisrialp.cat\\\/web\\\/es\\\/?s={search_term_string}\"},\"query-input\":{\"@type\":\"PropertyValueSpecification\",\"valueRequired\":true,\"valueName\":\"search_term_string\"}}],\"inLanguage\":\"es\"},{\"@type\":\"Organization\",\"@id\":\"https:\\\/\\\/www.turisrialp.cat\\\/web\\\/es\\\/#organization\",\"name\":\"Rialp Turisme\",\"url\":\"https:\\\/\\\/www.turisrialp.cat\\\/web\\\/es\\\/\",\"logo\":{\"@type\":\"ImageObject\",\"inLanguage\":\"es\",\"@id\":\"https:\\\/\\\/www.turisrialp.cat\\\/web\\\/es\\\/#\\\/schema\\\/logo\\\/image\\\/\",\"url\":\"https:\\\/\\\/www.turisrialp.cat\\\/web\\\/wp-content\\\/uploads\\\/Rialp-turisme.png\",\"contentUrl\":\"https:\\\/\\\/www.turisrialp.cat\\\/web\\\/wp-content\\\/uploads\\\/Rialp-turisme.png\",\"width\":320,\"height\":320,\"caption\":\"Rialp Turisme\"},\"image\":{\"@id\":\"https:\\\/\\\/www.turisrialp.cat\\\/web\\\/es\\\/#\\\/schema\\\/logo\\\/image\\\/\"}}]}<\/script>\n<!-- \/ Yoast SEO plugin. -->","yoast_head_json":{"title":"Av\u00eds legal - Rialp Turisme","robots":{"index":"index","follow":"follow","max-snippet":"max-snippet:-1","max-image-preview":"max-image-preview:large","max-video-preview":"max-video-preview:-1"},"canonical":"https:\/\/www.turisrialp.cat\/web\/es\/avis-legal\/","og_locale":"es_ES","og_type":"article","og_title":"Av\u00eds legal - Rialp Turisme","og_description":"AV\u00cdS LEGAL Responsabilitat legal L\u2019Ajuntament de Rialp, amb CIF P2522600B i domicili a la pla\u00e7a del Tornall, 1 , 25594, de Rialp (Lleida) i dades de contacte del delegat de protecci\u00f3 de dades: secretaria@rialp.cat informa que no pot assumir cap responsabilitat derivada de l\u2019\u00fas incorrecte, inapropiat o il\u00b7l\u00edcit de la informaci\u00f3 apareguda a la p\u00e0gina...","og_url":"https:\/\/www.turisrialp.cat\/web\/es\/avis-legal\/","og_site_name":"Rialp Turisme","twitter_card":"summary_large_image","twitter_misc":{"Tiempo de lectura":"3 minutos"},"schema":{"@context":"https:\/\/schema.org","@graph":[{"@type":"WebPage","@id":"https:\/\/www.turisrialp.cat\/web\/es\/avis-legal\/","url":"https:\/\/www.turisrialp.cat\/web\/es\/avis-legal\/","name":"Av\u00eds legal - Rialp Turisme","isPartOf":{"@id":"https:\/\/www.turisrialp.cat\/web\/es\/#website"},"datePublished":"2025-12-12T16:43:57+00:00","breadcrumb":{"@id":"https:\/\/www.turisrialp.cat\/web\/es\/avis-legal\/#breadcrumb"},"inLanguage":"es","potentialAction":[{"@type":"ReadAction","target":["https:\/\/www.turisrialp.cat\/web\/es\/avis-legal\/"]}]},{"@type":"BreadcrumbList","@id":"https:\/\/www.turisrialp.cat\/web\/es\/avis-legal\/#breadcrumb","itemListElement":[{"@type":"ListItem","position":1,"name":"Inici","item":"https:\/\/www.turisrialp.cat\/web\/es\/"},{"@type":"ListItem","position":2,"name":"Av\u00eds legal"}]},{"@type":"WebSite","@id":"https:\/\/www.turisrialp.cat\/web\/es\/#website","url":"https:\/\/www.turisrialp.cat\/web\/es\/","name":"Rialp Turisme","description":"","publisher":{"@id":"https:\/\/www.turisrialp.cat\/web\/es\/#organization"},"potentialAction":[{"@type":"SearchAction","target":{"@type":"EntryPoint","urlTemplate":"https:\/\/www.turisrialp.cat\/web\/es\/?s={search_term_string}"},"query-input":{"@type":"PropertyValueSpecification","valueRequired":true,"valueName":"search_term_string"}}],"inLanguage":"es"},{"@type":"Organization","@id":"https:\/\/www.turisrialp.cat\/web\/es\/#organization","name":"Rialp Turisme","url":"https:\/\/www.turisrialp.cat\/web\/es\/","logo":{"@type":"ImageObject","inLanguage":"es","@id":"https:\/\/www.turisrialp.cat\/web\/es\/#\/schema\/logo\/image\/","url":"https:\/\/www.turisrialp.cat\/web\/wp-content\/uploads\/Rialp-turisme.png","contentUrl":"https:\/\/www.turisrialp.cat\/web\/wp-content\/uploads\/Rialp-turisme.png","width":320,"height":320,"caption":"Rialp Turisme"},"image":{"@id":"https:\/\/www.turisrialp.cat\/web\/es\/#\/schema\/logo\/image\/"}}]}},"taxonomy_info":[],"featured_image_src_large":false,"author_info":{"display_name":"1012octr","author_link":"https:\/\/www.turisrialp.cat\/web\/es\/author\/octr1012\/"},"comment_info":0,"_links":{"self":[{"href":"https:\/\/www.turisrialp.cat\/web\/es\/wp-json\/wp\/v2\/pages\/1823","targetHints":{"allow":["GET"]}}],"collection":[{"href":"https:\/\/www.turisrialp.cat\/web\/es\/wp-json\/wp\/v2\/pages"}],"about":[{"href":"https:\/\/www.turisrialp.cat\/web\/es\/wp-json\/wp\/v2\/types\/page"}],"author":[{"embeddable":true,"href":"https:\/\/www.turisrialp.cat\/web\/es\/wp-json\/wp\/v2\/users\/1"}],"replies":[{"embeddable":true,"href":"https:\/\/www.turisrialp.cat\/web\/es\/wp-json\/wp\/v2\/comments?post=1823"}],"version-history":[{"count":0,"href":"https:\/\/www.turisrialp.cat\/web\/es\/wp-json\/wp\/v2\/pages\/1823\/revisions"}],"wp:attachment":[{"href":"https:\/\/www.turisrialp.cat\/web\/es\/wp-json\/wp\/v2\/media?parent=1823"}],"curies":[{"name":"wp","href":"https:\/\/api.w.org\/{rel}","templated":true}]}}