{"id":1820,"date":"2025-12-12T17:44:37","date_gmt":"2025-12-12T16:44:37","guid":{"rendered":"https:\/\/www.turisrialp.cat\/web\/politica-de-privacitat\/"},"modified":"2025-12-12T17:44:37","modified_gmt":"2025-12-12T16:44:37","slug":"politica-de-privacitat","status":"publish","type":"page","link":"https:\/\/www.turisrialp.cat\/web\/es\/politica-de-privacitat\/","title":{"rendered":"Pol\u00edtica de privacitat"},"content":{"rendered":"<style>.kb-row-layout-id166_a253c6-30 > .kt-row-column-wrap{align-content:start;}:where(.kb-row-layout-id166_a253c6-30 > .kt-row-column-wrap) > .wp-block-kadence-column{justify-content:start;}.kb-row-layout-id166_a253c6-30 > .kt-row-column-wrap{column-gap:var(--global-kb-gap-md, 2rem);row-gap:var(--global-kb-gap-md, 2rem);max-width:900px;margin-left:auto;margin-right:auto;padding-top:var(--global-kb-spacing-xl, 4rem);padding-bottom:var(--global-kb-spacing-xl, 4rem);grid-template-columns:minmax(0, 1fr);}.kb-row-layout-id166_a253c6-30 > .kt-row-layout-overlay{opacity:0.30;}@media all and (max-width: 1024px){.kb-row-layout-id166_a253c6-30 > .kt-row-column-wrap{grid-template-columns:minmax(0, 1fr);}}@media all and (max-width: 767px){.kb-row-layout-id166_a253c6-30 > .kt-row-column-wrap{grid-template-columns:minmax(0, 1fr);}}<\/style><div class=\"kb-row-layout-wrap kb-row-layout-id166_a253c6-30 alignfull wp-block-kadence-rowlayout\"><div class=\"kt-row-column-wrap kt-has-1-columns kt-row-layout-equal kt-tab-layout-inherit kt-mobile-layout-row kt-row-valign-top\">\n<style>.kadence-column166_33ce46-7e > .kt-inside-inner-col,.kadence-column166_33ce46-7e > .kt-inside-inner-col:before{border-top-left-radius:0px;border-top-right-radius:0px;border-bottom-right-radius:0px;border-bottom-left-radius:0px;}.kadence-column166_33ce46-7e > .kt-inside-inner-col{column-gap:var(--global-kb-gap-sm, 1rem);}.kadence-column166_33ce46-7e > .kt-inside-inner-col{flex-direction:column;}.kadence-column166_33ce46-7e > .kt-inside-inner-col > .aligncenter{width:100%;}.kadence-column166_33ce46-7e > .kt-inside-inner-col:before{opacity:0.3;}.kadence-column166_33ce46-7e{position:relative;}@media all and (max-width: 1024px){.kadence-column166_33ce46-7e > .kt-inside-inner-col{flex-direction:column;justify-content:center;}}@media all and (max-width: 767px){.kadence-column166_33ce46-7e > .kt-inside-inner-col{flex-direction:column;justify-content:center;}}<\/style>\n<div class=\"wp-block-kadence-column kadence-column166_33ce46-7e\"><div class=\"kt-inside-inner-col\">\n<p><strong>POL\u00cdTICA DE PRIVACITAT<\/strong><\/p>\n\n\n\n<p>L\u2019Ajuntament de Rialp (d\u2019en ara en endavant \u201cl\u2019Ajuntament\u201d) en aplicaci\u00f3 de la normativa vigent en mat\u00e8ria de protecci\u00f3 de dades de car\u00e0cter personal, com a responsable de tractament, informa que les dades personals que es recullen a trav\u00e9s dels formularis del lloc web: <strong><a href=\"https:\/\/www.turisrialp.cat\/\">https:\/\/www.turisrialp.cat<\/a><\/strong><strong> <\/strong>s\u00f3n tractats amb la finalitat de gestionar el desenvolupament de tasques i tr\u00e0mits administratius, d\u2019informaci\u00f3 i altres activitats pr\u00f2pies de l\u2019Ajuntament.<\/p>\n\n\n\n<p>Aquestes dades \u00fanicament seran cedides a aquelles entitats que siguin necess\u00e0ries amb l\u2019\u00fanic objectiu de donar compliment a la finalitat anteriorment exposada. L\u2019Ajuntament adopta les mesures necess\u00e0ries per garantir la seguretat, integritat i confidencialitat de les dades segons el que es disposa al Reglament (UE) 2016\/679 del Parlament Europeu i del Consell, de 27 d\u2019abril de 2016, relatiu a la protecci\u00f3 de les persones f\u00edsiques en el que respecta al tractament de dades personals i a la lliure circulaci\u00f3 de les mateixes i a la Llei Org\u00e0nica 3\/2018, de 5 de desembre, de protecci\u00f3 de dades personals i garantia dels drets digitals.<\/p>\n\n\n\n<p>L\u2019usuari podr\u00e0 en qualsevol moment exercir els drets d\u2019acc\u00e9s, limitaci\u00f3, oposici\u00f3, portabilitat, rectificaci\u00f3 i supressi\u00f3 o cancel\u00b7laci\u00f3 reconeguts en el citat Reglament (UE). L\u2019exercici d\u2019aquests drets pot realitzar-lo el mateix usuari a trav\u00e9s de <strong><a href=\"mailto:secretaria@rialp.cat\">secretaria@rialp.cat<\/a><\/strong> o a la direcci\u00f3 postal pla\u00e7a del Tornall, 1 \u2013 25594 Rialp (Lleida) \u2013 l\u2019usuari manifesta que totes les dades facilitades per ell s\u00f3n certes i correctes, i es compromet a mantenir-les actualitzades, comunicant els canvis a l\u2019Ajuntament.<\/p>\n\n\n\n<p><strong>Responsable de tractament<\/strong><\/p>\n\n\n\n<p>Ajuntament de Rialp<\/p>\n\n\n\n<p>CIF: P2522600B<\/p>\n\n\n\n<p><strong>Delegat de Protecci\u00f3 de Dades<\/strong>: <strong><a href=\"mailto:secretaria@rialp.cat\">secretaria@rialp.cat<\/a><\/strong><\/p>\n\n\n\n<p>Adre\u00e7a: pla\u00e7a del Tornall, 1 \u2013 25594 Rialp (Lleida)<\/p>\n\n\n\n<p>Tel\u00e8fon: 973 620 365<\/p>\n\n\n\n<p><strong>Finalitat del tractament de les dades personals:<\/strong><\/p>\n\n\n\n<ul class=\"wp-block-list\">\n<li><strong>Amb quina finalitat tractarem les vostres dades personals?<\/strong><\/li>\n<\/ul>\n\n\n\n<p>Tractarem les dades personals recopilades a trav\u00e9s d\u2019aquest lloc web: <strong>https:\/\/www.turisrialp.cat<\/strong> amb les seg\u00fcents finalitats:<\/p>\n\n\n\n<ol class=\"wp-block-list\">\n<li>Incorporaci\u00f3 de les dades facilitades a les corresponents activitats de tractament de l\u2019Ajuntament amb la finalitat espec\u00edfica de cada tractament de conformitat amb la regulaci\u00f3 establerta pel Reglament (UE) 2016\/679 del Parlament Europeu i del Consell sobre protecci\u00f3 de dades de car\u00e0cter personal i altres disposicions d\u2019aplicaci\u00f3 i publicades al Registre d\u2019Activitats de Tractament d\u2019aquesta web.<\/li>\n\n\n\n<li>Enviament d\u2019informaci\u00f3 sol\u00b7licitada a trav\u00e9s dels formularis disposats en aquesta web.<\/li>\n\n\n\n<li>Fer les tramitacions que es deriven de la nostra entitat.<\/li>\n<\/ol>\n\n\n\n<p>Els camps dels registres esmentats s\u00f3n de compliment obligatori, sent impossible realitzar les finalitats expressades si no s\u2019aporten aquestes dades.<\/p>\n\n\n\n<p><strong>Per quant temps es conserven les dades personals recopilades?<\/strong><\/p>\n\n\n\n<p>Les dades personals proporcionades es conservaran mentre es mantingui la relaci\u00f3 amb l\u2019Administraci\u00f3 o no se sol\u00b7liciti la supressi\u00f3 i durant el termini pel qual podrien derivar-se responsabilitats legals pels serveis prestats.<\/p>\n\n\n\n<p><strong>Legitimaci\u00f3:<\/strong><\/p>\n\n\n\n<p>El tractament de les dades es realitza amb les seg\u00fcents bases jur\u00eddiques que legitimen el mateix:<\/p>\n\n\n\n<p>El consentiment de les persones interessades o el compliment d\u2019una obligaci\u00f3 legal o el compliment d\u2019una missi\u00f3 realitzada per inter\u00e8s p\u00fablic o la protecci\u00f3 d\u2019interessos vitals o l\u2019execuci\u00f3 d\u2019un contracte.<\/p>\n\n\n\n<p><strong>Destinataris:<\/strong><\/p>\n\n\n\n<p>Les dades no es comunicaran a cap tercer ali\u00e8 a l\u2019Ajuntament exceptuant obligaci\u00f3 legal. Com a encarregats de tractament, tenim contractats als prove\u00efdors de serveis llistats al portal de contractaci\u00f3 p\u00fablica havent-se comprom\u00e8s al compliment de les disposicions normatives, d\u2019aplicaci\u00f3 en mat\u00e8ria de protecci\u00f3 de dades, en el moment de la seva contractaci\u00f3.<\/p>\n\n\n\n<ul class=\"wp-block-list\">\n<li><strong>Drets de propietat intel\u00b7lectual<\/strong><\/li>\n<\/ul>\n\n\n\n<p>L\u2019Ajuntament \u00e9s titular de tots els drets de l\u2019autor, propietat intel\u00b7lectual, industrial, \u201cknow how\u201d (saber fer) i tots els altres drets que guardin relaci\u00f3 amb els continguts del lloc web i els serveis oferts en el mateix lloc web, aix\u00ed com dels programes necessaris per a la seva implementaci\u00f3 i la informaci\u00f3 relacionada.<\/p>\n\n\n\n<p>No es permet la reproducci\u00f3, publicaci\u00f3 o \u00fas no estrictament privat dels continguts, totals o parcials, del lloc web sense el consentiment previ i per escrit.<\/p>\n\n\n\n<ul class=\"wp-block-list\">\n<li><strong>Propietat intel\u00b7lectual del programari (software)<\/strong><\/li>\n<\/ul>\n\n\n\n<p>L\u2019usuari ha de respectar els programes de tercers posats a la seva disposici\u00f3 per l\u2019Ajuntament tot i ser gratu\u00efts o de disposici\u00f3 p\u00fablica.<\/p>\n\n\n\n<p>L\u2019Ajuntament disposa dels drets d\u2019explotaci\u00f3 i propietat intel\u00b7lectual necessaris del programari.<\/p>\n\n\n\n<p>L\u2019usuari no adquireix cap dret o llic\u00e8ncia sobre el programari necessari per a la prestaci\u00f3 del servei, ni tampoc sobre la informaci\u00f3 t\u00e8cnica de seguiment del servei, a excepci\u00f3 dels drets i llic\u00e8ncies necess\u00e0ries per al compliment dels serveis contractats i \u00fanicament durant la duraci\u00f3 d\u2019aquests.<\/p>\n\n\n\n<ul class=\"wp-block-list\">\n<li><strong>Propietat intel\u00b7lectual dels continguts allotjats<\/strong><\/li>\n<\/ul>\n\n\n\n<p>Es prohibeix l\u2019\u00fas contrari a la legislaci\u00f3 sobre propietat intel\u00b7lectual dels serveis prestats per l\u2019Ajuntament i, en particular de:<\/p>\n\n\n\n<ul class=\"wp-block-list\">\n<li>La utilitzaci\u00f3 que resulti contr\u00e0ria a les lleis o que infringeixi els drets de tercers.<\/li>\n\n\n\n<li>La publicaci\u00f3 o la transmissi\u00f3 de qualsevol contingut que, a judici de l\u2019Ajuntament, resulti violent, obsc\u00e8, abusiu, il\u00b7legal, racial, xen\u00f2fob o difamatori.<\/li>\n\n\n\n<li>La recollida o utilitzaci\u00f3 de dades personals d\u2019altres usuaris sense el seu consentiment expr\u00e9s o contravenint el que disposa el Reglament (UE) 2016\/679 del Parlament Europeu i del Consell, de 27 d\u2019abril de 2016, relatiu a la protecci\u00f3 de les persones f\u00edsiques en el que respecta el tractament de dades personals i a la lliure circulaci\u00f3 de les mateixes i la Llei Org\u00e0nica 3\/2018, de 5 de desembre, de protecci\u00f3 de dades personals i garantia dels drets digitals.<\/li>\n\n\n\n<li>La utilitzaci\u00f3 del servidor de correu, del domini i de les adreces de correu electr\u00f2nic per l\u2019enviament de correu massiu no desitjat.<\/li>\n\n\n\n<li>L\u2019usuari \u00e9s responsable respecte a les lleis i reglaments en vigor i les regles que han de veure amb el funcionament del servei en l\u00ednia, drets d\u2019autor, manteniment de l\u2019ordre p\u00fablic, aix\u00ed com principis universals d\u2019\u00fas d\u2019Internet.<\/li>\n\n\n\n<li>L\u2019usuari indemnitzar\u00e0 a l\u2019Ajuntament per les despeses que generar\u00e0 la seva imputaci\u00f3 en alguna causa la responsabilitat de la qual fos atribu\u00efble a l\u2019usuari, inclosos els honoraris i despeses de defensa jur\u00eddica, fins i tot en el cas de decisi\u00f3 judicial no definitiva.<\/li>\n\n\n\n<li><strong>Protecci\u00f3 de la informaci\u00f3 allotjada<\/strong><\/li>\n<\/ul>\n\n\n\n<p>L\u2019Ajuntament realitza c\u00f2pies de seguretat dels continguts allotjats als seus servidors, nogensmenys no es responsabilitza de la p\u00e8rdua accidental de les dades per part dels usuaris. De la mateixa manera, no garanteix la reposici\u00f3 total de les dades eliminades pels usuaris, ja que les citades dades podrien haver estat suprimides o modificades durant el per\u00edode de temps transcorregut des de l\u2019\u00faltima c\u00f2pia de seguretat.<\/p>\n\n\n\n<ul class=\"wp-block-list\">\n<li><strong>Menors d\u2019edat<\/strong><\/li>\n<\/ul>\n\n\n\n<p>No recopilem informaci\u00f3 personal de nens menors de 14 anys, excepte pr\u00e8via autoritzaci\u00f3 per part del tutor legal del menor, que podr\u00e0 publicar-se en aquesta web, imatges d\u2019esdeveniments culturals o esportius en els quals apareguin els menors durant la seva participaci\u00f3.<\/p>\n\n\n\n<ul class=\"wp-block-list\">\n<li><strong>Comunicacions<\/strong><\/li>\n<\/ul>\n\n\n\n<p>L\u2019Ajuntament no enviar\u00e0 comunicacions publicit\u00e0ries per correu electr\u00f2nic o un altre mitj\u00e0 de comunicaci\u00f3 electr\u00f2nica equivalent que pr\u00e8viament no hagu\u00e9s estat sol\u00b7licitada o expressament autoritzada pels destinataris d\u2019aquestes.<\/p>\n\n\n\n<p>En tot cas, l\u2019usuari, despr\u00e9s d\u2019acreditar la seva identitat, podr\u00e0 sol\u00b7licitar que no se li faci arribar m\u00e9s informaci\u00f3.<\/p>\n\n\n\n<ul class=\"wp-block-list\">\n<li><strong>Xarxes socials<\/strong><\/li>\n<\/ul>\n\n\n\n<p>En el cas en qu\u00e8 us feu amic o seguidor nostre a les xarxes socials, tractarem les vostres dades per mantenir-vos informat de les nostres activitats a trav\u00e9s dels canals esmentats. Aquestes dades seran tractades sobre la base jur\u00eddica del vostre consentiment i seran conservades mentre vos es mantingui com amic o seguidor nostre, podent revocar el vostre consentiment en qualsevol moment, si b\u00e9 aix\u00f2 no afectar\u00e0 la licitud dels tractaments efectuats amb anterioritat. El fet de facilitar les dades amb aquesta finalitat \u00e9s voluntari, encara que en cas de no fer-ho, no podreu ser amic o seguidor en les xarxes socials que tinguem.<\/p>\n\n\n\n<p>En aquells casos en qu\u00e8 el registre de l\u2019usuari s\u2019efectu\u00ef mitjan\u00e7ant xarxes socials, les dades personals que tractarem procediran de la xarxa social de qu\u00e8 es tracti, a la que, pr\u00e8viament, l\u2019interessat haur\u00e0 facilitat dites dades per les finalitats previstes en les seves corresponents pol\u00edtiques de privacitat.<\/p>\n\n\n\n<p>Els nostres Portals poden incloure funcions de mitjans socials, com el bot\u00f3 \u201cM\u2019agrada\u201d de Facebook, Linkedin, Twitter o altres <em>widgets<\/em>. Aquestes companyies de xarxes socials us poden recon\u00e8ixer i recollir informaci\u00f3 sobre la vostra visita als nostres Portals, i poden configurar una <em>galeta <\/em>o utilitzar altres tecnologies de seguiment. Les vostres interaccions amb aquestes funcions es regeixen per les pol\u00edtiques de privacitat d\u2019aquestes companyies.<\/p>\n\n\n\n<p>Quan interactueu amb els nostres Portals a trav\u00e9s de diverses xarxes socials, com quan us connecteu via Facebook als nostres Portals o premeu el bot\u00f3 \u201cM\u2019agrada\u201d a les nostres xarxes socials, o ens seguiu o compartiu el nostre contingut a Facebook, Twitter o altres xarxes socials podem rebre informaci\u00f3 procedent d\u2019aquestes xarxes socials, inclosa informaci\u00f3 sobre el seu perfil, ID d\u2019usuari associada al vostre compte a les xarxes socials, i qualsevol altra informaci\u00f3 que permeteu compartir amb tercers a la xarxa social.<\/p>\n\n\n\n<ul class=\"wp-block-list\">\n<li><strong>Canvis en la pol\u00edtica de privacitat<\/strong><\/li>\n<\/ul>\n\n\n\n<p>L\u2019Ajuntament de Rialp es reserva el dret a modificar la present pol\u00edtica per ajustar-la a les modificacions o novetats que puguin tenir les diferents lleis d\u2019aplicaci\u00f3.<\/p>\n<\/div><\/div>\n\n<\/div><\/div>","protected":false},"excerpt":{"rendered":"<p>POL\u00cdTICA DE PRIVACITAT L\u2019Ajuntament de Rialp (d\u2019en ara en endavant \u201cl\u2019Ajuntament\u201d) en aplicaci\u00f3 de la normativa vigent en mat\u00e8ria de protecci\u00f3 de dades de car\u00e0cter personal, com a responsable de tractament, informa que les dades personals que es recullen a trav\u00e9s dels formularis del lloc web: https:\/\/www.turisrialp.cat s\u00f3n tractats amb la finalitat de gestionar el&#8230;<\/p>\n","protected":false},"author":1,"featured_media":0,"parent":0,"menu_order":0,"comment_status":"closed","ping_status":"closed","template":"","meta":{"_acf_changed":false,"_kad_blocks_custom_css":"","_kad_blocks_head_custom_js":"","_kad_blocks_body_custom_js":"","_kad_blocks_footer_custom_js":"","_kad_post_transparent":"","_kad_post_title":"","_kad_post_layout":"","_kad_post_sidebar_id":"","_kad_post_content_style":"","_kad_post_vertical_padding":"","_kad_post_feature":"","_kad_post_feature_position":"","_kad_post_header":false,"_kad_post_footer":false,"_kad_post_classname":"","footnotes":""},"class_list":["post-1820","page","type-page","status-publish","hentry"],"acf":[],"yoast_head":"<!-- This site is optimized with the Yoast SEO plugin v27.5 - https:\/\/yoast.com\/product\/yoast-seo-wordpress\/ -->\n<title>Pol\u00edtica de privacitat - Rialp Turisme<\/title>\n<meta name=\"robots\" content=\"index, follow, max-snippet:-1, max-image-preview:large, max-video-preview:-1\" \/>\n<link rel=\"canonical\" href=\"https:\/\/www.turisrialp.cat\/web\/es\/politica-de-privacitat\/\" \/>\n<meta property=\"og:locale\" content=\"es_ES\" \/>\n<meta property=\"og:type\" content=\"article\" \/>\n<meta property=\"og:title\" content=\"Pol\u00edtica de privacitat - Rialp Turisme\" \/>\n<meta property=\"og:description\" content=\"POL\u00cdTICA DE PRIVACITAT L\u2019Ajuntament de Rialp (d\u2019en ara en endavant \u201cl\u2019Ajuntament\u201d) en aplicaci\u00f3 de la normativa vigent en mat\u00e8ria de protecci\u00f3 de dades de car\u00e0cter personal, com a responsable de tractament, informa que les dades personals que es recullen a trav\u00e9s dels formularis del lloc web: https:\/\/www.turisrialp.cat s\u00f3n tractats amb la finalitat de gestionar el...\" \/>\n<meta property=\"og:url\" content=\"https:\/\/www.turisrialp.cat\/web\/es\/politica-de-privacitat\/\" \/>\n<meta property=\"og:site_name\" content=\"Rialp Turisme\" \/>\n<meta name=\"twitter:card\" content=\"summary_large_image\" \/>\n<meta name=\"twitter:label1\" content=\"Tiempo de lectura\" \/>\n\t<meta name=\"twitter:data1\" content=\"8 minutos\" \/>\n<script type=\"application\/ld+json\" class=\"yoast-schema-graph\">{\"@context\":\"https:\\\/\\\/schema.org\",\"@graph\":[{\"@type\":\"WebPage\",\"@id\":\"https:\\\/\\\/www.turisrialp.cat\\\/web\\\/es\\\/politica-de-privacitat\\\/\",\"url\":\"https:\\\/\\\/www.turisrialp.cat\\\/web\\\/es\\\/politica-de-privacitat\\\/\",\"name\":\"Pol\u00edtica de privacitat - Rialp Turisme\",\"isPartOf\":{\"@id\":\"https:\\\/\\\/www.turisrialp.cat\\\/web\\\/es\\\/#website\"},\"datePublished\":\"2025-12-12T16:44:37+00:00\",\"breadcrumb\":{\"@id\":\"https:\\\/\\\/www.turisrialp.cat\\\/web\\\/es\\\/politica-de-privacitat\\\/#breadcrumb\"},\"inLanguage\":\"es\",\"potentialAction\":[{\"@type\":\"ReadAction\",\"target\":[\"https:\\\/\\\/www.turisrialp.cat\\\/web\\\/es\\\/politica-de-privacitat\\\/\"]}]},{\"@type\":\"BreadcrumbList\",\"@id\":\"https:\\\/\\\/www.turisrialp.cat\\\/web\\\/es\\\/politica-de-privacitat\\\/#breadcrumb\",\"itemListElement\":[{\"@type\":\"ListItem\",\"position\":1,\"name\":\"Inici\",\"item\":\"https:\\\/\\\/www.turisrialp.cat\\\/web\\\/es\\\/\"},{\"@type\":\"ListItem\",\"position\":2,\"name\":\"Pol\u00edtica de privacitat\"}]},{\"@type\":\"WebSite\",\"@id\":\"https:\\\/\\\/www.turisrialp.cat\\\/web\\\/es\\\/#website\",\"url\":\"https:\\\/\\\/www.turisrialp.cat\\\/web\\\/es\\\/\",\"name\":\"Rialp Turisme\",\"description\":\"\",\"publisher\":{\"@id\":\"https:\\\/\\\/www.turisrialp.cat\\\/web\\\/es\\\/#organization\"},\"potentialAction\":[{\"@type\":\"SearchAction\",\"target\":{\"@type\":\"EntryPoint\",\"urlTemplate\":\"https:\\\/\\\/www.turisrialp.cat\\\/web\\\/es\\\/?s={search_term_string}\"},\"query-input\":{\"@type\":\"PropertyValueSpecification\",\"valueRequired\":true,\"valueName\":\"search_term_string\"}}],\"inLanguage\":\"es\"},{\"@type\":\"Organization\",\"@id\":\"https:\\\/\\\/www.turisrialp.cat\\\/web\\\/es\\\/#organization\",\"name\":\"Rialp Turisme\",\"url\":\"https:\\\/\\\/www.turisrialp.cat\\\/web\\\/es\\\/\",\"logo\":{\"@type\":\"ImageObject\",\"inLanguage\":\"es\",\"@id\":\"https:\\\/\\\/www.turisrialp.cat\\\/web\\\/es\\\/#\\\/schema\\\/logo\\\/image\\\/\",\"url\":\"https:\\\/\\\/www.turisrialp.cat\\\/web\\\/wp-content\\\/uploads\\\/Rialp-turisme.png\",\"contentUrl\":\"https:\\\/\\\/www.turisrialp.cat\\\/web\\\/wp-content\\\/uploads\\\/Rialp-turisme.png\",\"width\":320,\"height\":320,\"caption\":\"Rialp Turisme\"},\"image\":{\"@id\":\"https:\\\/\\\/www.turisrialp.cat\\\/web\\\/es\\\/#\\\/schema\\\/logo\\\/image\\\/\"}}]}<\/script>\n<!-- \/ Yoast SEO plugin. -->","yoast_head_json":{"title":"Pol\u00edtica de privacitat - Rialp Turisme","robots":{"index":"index","follow":"follow","max-snippet":"max-snippet:-1","max-image-preview":"max-image-preview:large","max-video-preview":"max-video-preview:-1"},"canonical":"https:\/\/www.turisrialp.cat\/web\/es\/politica-de-privacitat\/","og_locale":"es_ES","og_type":"article","og_title":"Pol\u00edtica de privacitat - Rialp Turisme","og_description":"POL\u00cdTICA DE PRIVACITAT L\u2019Ajuntament de Rialp (d\u2019en ara en endavant \u201cl\u2019Ajuntament\u201d) en aplicaci\u00f3 de la normativa vigent en mat\u00e8ria de protecci\u00f3 de dades de car\u00e0cter personal, com a responsable de tractament, informa que les dades personals que es recullen a trav\u00e9s dels formularis del lloc web: https:\/\/www.turisrialp.cat s\u00f3n tractats amb la finalitat de gestionar el...","og_url":"https:\/\/www.turisrialp.cat\/web\/es\/politica-de-privacitat\/","og_site_name":"Rialp Turisme","twitter_card":"summary_large_image","twitter_misc":{"Tiempo de lectura":"8 minutos"},"schema":{"@context":"https:\/\/schema.org","@graph":[{"@type":"WebPage","@id":"https:\/\/www.turisrialp.cat\/web\/es\/politica-de-privacitat\/","url":"https:\/\/www.turisrialp.cat\/web\/es\/politica-de-privacitat\/","name":"Pol\u00edtica de privacitat - Rialp Turisme","isPartOf":{"@id":"https:\/\/www.turisrialp.cat\/web\/es\/#website"},"datePublished":"2025-12-12T16:44:37+00:00","breadcrumb":{"@id":"https:\/\/www.turisrialp.cat\/web\/es\/politica-de-privacitat\/#breadcrumb"},"inLanguage":"es","potentialAction":[{"@type":"ReadAction","target":["https:\/\/www.turisrialp.cat\/web\/es\/politica-de-privacitat\/"]}]},{"@type":"BreadcrumbList","@id":"https:\/\/www.turisrialp.cat\/web\/es\/politica-de-privacitat\/#breadcrumb","itemListElement":[{"@type":"ListItem","position":1,"name":"Inici","item":"https:\/\/www.turisrialp.cat\/web\/es\/"},{"@type":"ListItem","position":2,"name":"Pol\u00edtica de privacitat"}]},{"@type":"WebSite","@id":"https:\/\/www.turisrialp.cat\/web\/es\/#website","url":"https:\/\/www.turisrialp.cat\/web\/es\/","name":"Rialp Turisme","description":"","publisher":{"@id":"https:\/\/www.turisrialp.cat\/web\/es\/#organization"},"potentialAction":[{"@type":"SearchAction","target":{"@type":"EntryPoint","urlTemplate":"https:\/\/www.turisrialp.cat\/web\/es\/?s={search_term_string}"},"query-input":{"@type":"PropertyValueSpecification","valueRequired":true,"valueName":"search_term_string"}}],"inLanguage":"es"},{"@type":"Organization","@id":"https:\/\/www.turisrialp.cat\/web\/es\/#organization","name":"Rialp Turisme","url":"https:\/\/www.turisrialp.cat\/web\/es\/","logo":{"@type":"ImageObject","inLanguage":"es","@id":"https:\/\/www.turisrialp.cat\/web\/es\/#\/schema\/logo\/image\/","url":"https:\/\/www.turisrialp.cat\/web\/wp-content\/uploads\/Rialp-turisme.png","contentUrl":"https:\/\/www.turisrialp.cat\/web\/wp-content\/uploads\/Rialp-turisme.png","width":320,"height":320,"caption":"Rialp Turisme"},"image":{"@id":"https:\/\/www.turisrialp.cat\/web\/es\/#\/schema\/logo\/image\/"}}]}},"taxonomy_info":[],"featured_image_src_large":false,"author_info":{"display_name":"1012octr","author_link":"https:\/\/www.turisrialp.cat\/web\/es\/author\/octr1012\/"},"comment_info":0,"_links":{"self":[{"href":"https:\/\/www.turisrialp.cat\/web\/es\/wp-json\/wp\/v2\/pages\/1820","targetHints":{"allow":["GET"]}}],"collection":[{"href":"https:\/\/www.turisrialp.cat\/web\/es\/wp-json\/wp\/v2\/pages"}],"about":[{"href":"https:\/\/www.turisrialp.cat\/web\/es\/wp-json\/wp\/v2\/types\/page"}],"author":[{"embeddable":true,"href":"https:\/\/www.turisrialp.cat\/web\/es\/wp-json\/wp\/v2\/users\/1"}],"replies":[{"embeddable":true,"href":"https:\/\/www.turisrialp.cat\/web\/es\/wp-json\/wp\/v2\/comments?post=1820"}],"version-history":[{"count":0,"href":"https:\/\/www.turisrialp.cat\/web\/es\/wp-json\/wp\/v2\/pages\/1820\/revisions"}],"wp:attachment":[{"href":"https:\/\/www.turisrialp.cat\/web\/es\/wp-json\/wp\/v2\/media?parent=1820"}],"curies":[{"name":"wp","href":"https:\/\/api.w.org\/{rel}","templated":true}]}}